{"id":1024,"date":"2026-01-21T10:03:25","date_gmt":"2026-01-21T09:03:25","guid":{"rendered":"https:\/\/www.ndpo.fr\/cfc\/?page_id=1024"},"modified":"2026-02-02T11:11:33","modified_gmt":"2026-02-02T10:11:33","slug":"formation-rse","status":"publish","type":"page","link":"https:\/\/www.ndpo.fr\/cfc\/formation-rse\/","title":{"rendered":"Formation Responsabilit\u00e9 Soci\u00e9tale des Entreprises"},"content":{"rendered":"<p>[vc_row][vc_column]\n        <div class=\"rs-heading style2   center\">\n        \t<div class=\"title-inner\">\n\t            \n\t            <h2 >Formation Responsabilit\u00e9 Soci\u00e9tale des Entreprises<\/h2>\n\t        <\/div><\/div>[\/vc_column][\/vc_row][vc_row][vc_column width=&#8221;2\/3&#8243;][vc_single_image image=&#8221;582&#8243; img_size=&#8221;full&#8221;][vc_row_inner][vc_column_inner width=&#8221;1\/2&#8243;][vc_btn title=&#8221;T\u00e9l\u00e9chargez la fiche formation&#8221; style=&#8221;custom&#8221; custom_background=&#8221;#c41718&#8243; custom_text=&#8221;#ffffff&#8221; size=&#8221;lg&#8221; align=&#8221;center&#8221; button_block=&#8221;true&#8221; link=&#8221;url:https%3A%2F%2Fwww.ndpo.fr%2Fapp%2Fuploads%2Fsites%2F11%2F2025%2F01%2FFiches-RSE.pdf||target:%20_blank|&#8221;][\/vc_column_inner][vc_column_inner width=&#8221;1\/2&#8243;][vc_btn title=&#8221;Contactez-nous !&#8221; style=&#8221;custom&#8221; custom_background=&#8221;#c41718&#8243; custom_text=&#8221;#ffffff&#8221; size=&#8221;lg&#8221; align=&#8221;center&#8221; button_block=&#8221;true&#8221; link=&#8221;url:https%3A%2F%2Fwww.ndpo.fr%2Fcfc%2Fcontact%2F||target:%20_blank|&#8221;][\/vc_column_inner][\/vc_row_inner][\/vc_column][vc_column width=&#8221;1\/3&#8243;]\n        <div class=\"rs-heading style1   \">\n        \t<div class=\"title-inner\">\n\t            \n\t            <h2 >Public concern\u00e9<\/h2>\n\t        <\/div><div class=\"description\"><p >Professionnels de l&#8217;h\u00f4tellerie<\/p><\/div><\/div>\n        <div class=\"rs-heading style1   \">\n        \t<div class=\"title-inner\">\n\t            \n\t            <h2 >Pr\u00e9requis<\/h2>\n\t        <\/div><div class=\"description\"><p >Cette formation ne n\u00e9cessite aucun pr\u00e9requis.<\/p><\/div><\/div>\n        <div class=\"rs-heading style1   \">\n        \t<div class=\"title-inner\">\n\t            \n\t            <h2 >MOYENS D\u2019ENCADREMENT<\/h2>\n\t        <\/div><div class=\"description\"><p >Formateur issu du monde professionnel, sp\u00e9cialis\u00e9 en h\u00f4tellerie.<\/p><\/div><\/div>[\/vc_column][\/vc_row][vc_row][vc_column][vc_tta_tabs][vc_tta_section title=&#8221;Description de la formation&#8221; tab_id=&#8221;1613985700420-b272efd7-2ae7baa6-2e3e&#8221;][vc_empty_space]\n        <div class=\"rs-heading style2   \">\n        \t<div class=\"title-inner\">\n\t            \n\t            <h2 >DESCRIPTION DE LA FORMATION<\/h2>\n\t        <\/div><div class=\"description\"><p >La prise de conscience croissante et collective des enjeux environnementaux et sociaux transforme aujourd\u2019hui les attentes de la client\u00e8le.<\/p>\n<p>\u00c9l\u00e9ment incontournable au regard du r\u00e9f\u00e9rentiel \u00ab classement h\u00f4telier \u00bb, la RSE en h\u00f4tellerie est devenue une strat\u00e9gie essentielle pour les entreprises et groupes h\u00f4teliers cherchant \u00e0 concilier rentabilit\u00e9 et durabilit\u00e9.<\/p><\/div><\/div>[\/vc_tta_section][vc_tta_section title=&#8221;Objectifs et programme&#8221; tab_id=&#8221;1613985761837-fea28251-e85fbaa6-2e3e&#8221;]\n        <div class=\"rs-heading style2   \">\n        \t<div class=\"title-inner\">\n\t            \n\t            <h2 >OBJECTIFS ET PROGRAMME<\/h2>\n\t        <\/div><div class=\"description\"><p ><strong>OBJECTIFS :<\/strong><\/p>\n<p>&nbsp;<\/p>\n<p>&#8211; Appr\u00e9hender le concept de d\u00e9veloppement durable<br \/>\n&#8211; Conna\u00eetre les pratiques et usages relatifs au d\u00e9veloppement durable en<br \/>\nh\u00f4tellerie-restauration<br \/>\n&#8211; Communiquer sur les bonnes pratiques en situation de travail<br \/>\n&#8211; \u00catre en conformit\u00e9 avec les derni\u00e8res exigences de la grille du classement<br \/>\nh\u00f4telier (fix\u00e9e par l\u2019arr\u00eat\u00e9 du 29-12-21,entr\u00e9e en vigueur le 01-04-22)<\/p>\n<p>&nbsp;<\/p>\n<p><strong>PROGRAMME :<\/strong><\/p>\n<p>&nbsp;<\/p>\n<p><strong>D\u00e9veloppement durable et RSE <\/strong><\/p>\n<p>&#8211; D\u00e9finitions<\/p>\n<p>&#8211; Les 3 piliers du d\u00e9veloppement durable.<\/p>\n<p>&#8211; La RSE dans le secteur h\u00f4telier, la conformit\u00e9 \u00e0 la grille de classement h\u00f4telier.<\/p>\n<p>&nbsp;<\/p>\n<p>&nbsp;<\/p>\n<p><strong>Pratiques et usages RSE en h\u00f4tellerie-restauration<\/strong><\/p>\n<p>&#8211; Identifier les principales pratiques du secteur.<\/p>\n<p>&#8211; S\u00e9lectionner des actions adapt\u00e9es \u00e0 son \u00e9tablissement.<\/p>\n<p>&nbsp;<\/p>\n<p>&nbsp;<\/p>\n<p><strong>Communiquer sur les bonnes pratiques RSE<\/strong><\/p>\n<p>&#8211; Discours professionnel sur la RSE.<\/p>\n<p>&#8211; Valoriser les actions sur le greenwashing.<\/p>\n<p>&#8211; Adapter sa communication aux clients et \u00e9quipes.<\/p>\n<p>&nbsp;<\/p>\n<p>&nbsp;<\/p>\n<p><strong>Construire son plan d&#8217;actions RSE<\/strong><\/p>\n<p>&#8211; D\u00e9finir des actions RSE prioritaires.<\/p>\n<p>&#8211; \u00c9laborer unplan d&#8217;action op\u00e9rationnel.<\/p>\n<p><strong>\u00a0<\/strong><\/p><\/div><\/div>[\/vc_tta_section][vc_tta_section title=&#8221;Dates de session&#8221; tab_id=&#8221;1613985756609-679eba8b-b957baa6-2e3e&#8221;][vc_empty_space]\n        <div class=\"rs-heading style2   \">\n        \t<div class=\"title-inner\">\n\t            \n\t            <h2 >Dates de session<\/h2>\n\t        <\/div><div class=\"description\"><p ><strong>Entreprise, employeur : vous souhaitez former vos \u00e9quipes ? Nos formations sont disponibles en intra-entreprise, sur demande et aux dates de votre choix. Devis sur demande.<\/strong><\/p><\/div><\/div>[\/vc_tta_section][\/vc_tta_tabs][\/vc_column][\/vc_row][vc_row][vc_column][\/vc_column][\/vc_row]<\/p>\n","protected":false},"excerpt":{"rendered":"<p>[vc_row][vc_column][\/vc_column][\/vc_row][vc_row][vc_column width=&#8221;2\/3&#8243;][vc_single_image image=&#8221;582&#8243; img_size=&#8221;full&#8221;][vc_row_inner][vc_column_inner width=&#8221;1\/2&#8243;][vc_btn title=&#8221;T\u00e9l\u00e9chargez la fiche formation&#8221; style=&#8221;custom&#8221; custom_background=&#8221;#c41718&#8243; custom_text=&#8221;#ffffff&#8221; size=&#8221;lg&#8221; align=&#8221;center&#8221; button_block=&#8221;true&#8221; link=&#8221;url:https%3A%2F%2Fwww.ndpo.fr%2Fapp%2Fuploads%2Fsites%2F11%2F2025%2F01%2FFiches-RSE.pdf||target:%20_blank|&#8221;][\/vc_column_inner][vc_column_inner width=&#8221;1\/2&#8243;][vc_btn title=&#8221;Contactez-nous !&#8221; style=&#8221;custom&#8221; custom_background=&#8221;#c41718&#8243; custom_text=&#8221;#ffffff&#8221; size=&#8221;lg&#8221; align=&#8221;center&#8221; button_block=&#8221;true&#8221; link=&#8221;url:https%3A%2F%2Fwww.ndpo.fr%2Fcfc%2Fcontact%2F||target:%20_blank|&#8221;][\/vc_column_inner][\/vc_row_inner][\/vc_column][vc_column width=&#8221;1\/3&#8243;][\/vc_column][\/vc_row][vc_row][vc_column][vc_tta_tabs][vc_tta_section title=&#8221;Description&#8230;<\/p>\n","protected":false},"author":4,"featured_media":0,"parent":0,"menu_order":0,"comment_status":"closed","ping_status":"closed","template":"","meta":{"footnotes":""},"class_list":["post-1024","page","type-page","status-publish","hentry"],"_links":{"self":[{"href":"https:\/\/www.ndpo.fr\/cfc\/wp-json\/wp\/v2\/pages\/1024","targetHints":{"allow":["GET"]}}],"collection":[{"href":"https:\/\/www.ndpo.fr\/cfc\/wp-json\/wp\/v2\/pages"}],"about":[{"href":"https:\/\/www.ndpo.fr\/cfc\/wp-json\/wp\/v2\/types\/page"}],"author":[{"embeddable":true,"href":"https:\/\/www.ndpo.fr\/cfc\/wp-json\/wp\/v2\/users\/4"}],"replies":[{"embeddable":true,"href":"https:\/\/www.ndpo.fr\/cfc\/wp-json\/wp\/v2\/comments?post=1024"}],"version-history":[{"count":6,"href":"https:\/\/www.ndpo.fr\/cfc\/wp-json\/wp\/v2\/pages\/1024\/revisions"}],"predecessor-version":[{"id":1105,"href":"https:\/\/www.ndpo.fr\/cfc\/wp-json\/wp\/v2\/pages\/1024\/revisions\/1105"}],"wp:attachment":[{"href":"https:\/\/www.ndpo.fr\/cfc\/wp-json\/wp\/v2\/media?parent=1024"}],"curies":[{"name":"wp","href":"https:\/\/api.w.org\/{rel}","templated":true}]}}