{"id":945,"date":"2025-12-08T15:47:19","date_gmt":"2025-12-08T14:47:19","guid":{"rendered":"https:\/\/www.ndpo.fr\/cfc\/?page_id=945"},"modified":"2026-02-03T09:54:57","modified_gmt":"2026-02-03T08:54:57","slug":"formation-cap-cuisine","status":"publish","type":"page","link":"https:\/\/www.ndpo.fr\/cfc\/formation-cap-cuisine\/","title":{"rendered":"CAP CUISINE"},"content":{"rendered":"<p>[vc_row][vc_column]\n        <div class=\"rs-heading style2   center\">\n        \t<div class=\"title-inner\">\n\t            \n\t            <h2 >CAP CUISINE<\/h2>\n\t        <\/div><\/div>[\/vc_column][\/vc_row][vc_row][vc_column width=&#8221;2\/3&#8243;][vc_single_image image=&#8221;684&#8243; img_size=&#8221;full&#8221;][vc_row_inner][vc_column_inner width=&#8221;1\/2&#8243;][vc_btn title=&#8221;T\u00e9l\u00e9chargez la fiche formation&#8221; style=&#8221;custom&#8221; custom_background=&#8221;#c41718&#8243; custom_text=&#8221;#ffffff&#8221; size=&#8221;lg&#8221; align=&#8221;center&#8221; button_block=&#8221;true&#8221; link=&#8221;url:https%3A%2F%2Fwww.ndpo.fr%2Fapp%2Fuploads%2Fsites%2F11%2F2025%2F12%2FCAP-Cuisine-CFC.pdf|title:CAP%20Cuisine|target:%20_blank|&#8221;][\/vc_column_inner][vc_column_inner width=&#8221;1\/2&#8243;][vc_btn title=&#8221;Contactez-nous !&#8221; style=&#8221;custom&#8221; custom_background=&#8221;#c41718&#8243; custom_text=&#8221;#ffffff&#8221; size=&#8221;lg&#8221; align=&#8221;center&#8221; button_block=&#8221;true&#8221; link=&#8221;url:https%3A%2F%2Fwww.ndpo.fr%2Fcfc%2Fcontact%2F||target:%20_blank|&#8221;][\/vc_column_inner][\/vc_row_inner][\/vc_column][vc_column width=&#8221;1\/3&#8243;]\n        <div class=\"rs-heading style1   \">\n        \t<div class=\"title-inner\">\n\t            \n\t            <h2 >Public concern\u00e9<\/h2>\n\t        <\/div><div class=\"description\"><p >Les adultes ayant quitt\u00e9 le syst\u00e8me scolaire,<br \/>\nmais qui souhaitent parfaire leurs<br \/>\nconnaissances et comp\u00e9tences et\/ou en<br \/>\nacqu\u00e9rir de nouvelles.<\/p><\/div><\/div>\n        <div class=\"rs-heading style1   \">\n        \t<div class=\"title-inner\">\n\t            \n\t            <h2 >Pr\u00e9requis<\/h2>\n\t        <\/div><div class=\"description\"><p >\u00catre titulaire d\u2019un CAP minimum et plus<br \/>\nMaitriser la langue fran\u00e7aise orale et \u00e9crite<\/p><\/div><\/div>\n        <div class=\"rs-heading style1   \">\n        \t<div class=\"title-inner\">\n\t            \n\t            <h2 >MOYENS D\u2019ENCADREMENT<\/h2>\n\t        <\/div><div class=\"description\"><p >L\u2019animation de la formation est assur\u00e9e par des<br \/>\nintervenants sp\u00e9cialis\u00e9s en cuisine et issus du<br \/>\nmonde professionnel.<\/p><\/div><\/div>[\/vc_column][\/vc_row][vc_row][vc_column][vc_tta_tabs][vc_tta_section title=&#8221;Description de la formation&#8221; tab_id=&#8221;1613985700420-b272efd7-2ae7baa6-2e3e&#8221;][vc_empty_space]\n        <div class=\"rs-heading style2   \">\n        \t<div class=\"title-inner\">\n\t            \n\t            <h2 >DESCRIPTION DE LA FORMATION<\/h2>\n\t        <\/div><div class=\"description\"><p >Notre formation CAP Cuisine s\u2019appuie sur une expertise reconnue dans l\u2019h\u00f4tellerie-restauration et la formation professionnelle. Au sein d\u2019un \u00e9tablissement \u00e0 taille humaine, nous garantissons un accompagnement attentif et adapt\u00e9 \u00e0 chaque stagiaire.<\/p>\n<p>&nbsp;<\/p>\n<p>Les enseignements sont dispens\u00e9s dans des cuisines p\u00e9dagogiques modernes, et compl\u00e9t\u00e9s par des mises en situation au sein de notre restaurant p\u00e9dagogique, permettant de se confronter aux r\u00e9alit\u00e9s d\u2019un v\u00e9ritable service.<\/p>\n<p>Nos formateurs, issus du monde professionnel, transmettent un savoir-faire pr\u00e9cis et directement align\u00e9 avec les exigences du m\u00e9tier.<\/p>\n<p>&nbsp;<\/p>\n<p>Notre r\u00e9seau d\u2019entreprises partenaires renforce l\u2019acc\u00e8s aux stages et favorise l\u2019insertion professionnelle. Par ailleurs, un partenariat d\u00e9di\u00e9 facilite l\u2019acquisition du mat\u00e9riel et des tenues n\u00e9cessaires pour int\u00e9grer la formation dans de bonnes conditions.<\/p>\n<p>&nbsp;<\/p>\n<p><strong><u>Articulation de la formation\u00a0:<\/u><\/strong><\/p>\n<p>&#8211; de 400 \u00e0 420 heures de formation au CFC<\/p>\n<p>&#8211; 14 semaines de stage en entreprise<\/p>\n<p>&nbsp;<\/p>\n<p><\/p><\/div><\/div>[\/vc_tta_section][vc_tta_section title=&#8221;Objectifs et programme&#8221; tab_id=&#8221;1613985761837-fea28251-e85fbaa6-2e3e&#8221;]\n        <div class=\"rs-heading style2   \">\n        \t<div class=\"title-inner\">\n\t            \n\t            <h2 >OBJECTIFS ET PROGRAMME<\/h2>\n\t        <\/div><div class=\"description\"><p ><strong>OBJECTIFS :<\/strong><\/p>\n<p>&nbsp;<\/p>\n<p>&#8211; Remplir rapidement les fonctions d\u2019un employ\u00e9 dans le domaine de la restauration d\u2019h\u00f4tellerie et de collectivit\u00e9<br \/>\n&#8211; Mettre en oeuvre les techniques de pr\u00e9paration d\u2019une s\u00e9rie de plats : hors d\u2019oeuvre, potage, plats principaux, l\u00e9gumes, desserts&#8230;<br \/>\n&#8211; Respecter les r\u00e8gles d\u2019hygi\u00e8ne et la s\u00e9curit\u00e9 alimentaire<\/p>\n<p>&nbsp;<\/p>\n<p><strong>PROGRAMME :<\/strong><\/p>\n<p><em>Le programme rassemble exclusivement les mati\u00e8res d\u2019enseignement professionnel et pratique, centr\u00e9es sur l\u2019acquisition de comp\u00e9tences concr\u00e8tes et directement mobilisables en situation de travail.<\/em><\/p>\n<p><em>Le niveau requis pour int\u00e9grer cette formation dispense les candidat du passage des \u00e9preuves de mati\u00e8res g\u00e9n\u00e9rales, par cons\u00e9quent, elles n\u2019int\u00e8grent pas le programme de formation.<\/em><\/p>\n<p>&nbsp;<\/p>\n<p><strong>Culture technologique et professionnelle <\/strong><\/p>\n<p><em>Bases des techniques culinaires, connaissance des produits, mat\u00e9riel, r\u00e8gles d\u2019hygi\u00e8ne et de s\u00e9curit\u00e9.<\/em><\/p>\n<p><strong>Enseignement pratique professionnel<\/strong><\/p>\n<p><em>Pr\u00e9paration, cuisson, dressage, organisation du poste de travail et travail en brigade.<\/em><\/p>\n<p><strong>Sciences appliqu\u00e9es \u00e0 la nutrition et \u00e0 l\u2019hygi\u00e8ne<\/strong><\/p>\n<p><em>Principes HACCP, risques alimentaires, notions de nutrition et transformations des aliments.<\/em><\/p>\n<p><strong>Gestion appliqu\u00e9e<\/strong><\/p>\n<p><em>Co\u00fbts mati\u00e8res, approvisionnement, planification du travail et gestion durable.<\/em><\/p>\n<p><strong>Communication<\/strong><\/p>\n<p><em>Communication professionnelle en \u00e9quipe, relation client et attitude en situation de service.<\/em><\/p><\/div><\/div>[\/vc_tta_section][vc_tta_section title=&#8221;Dates de session&#8221; tab_id=&#8221;1613985756609-679eba8b-b957baa6-2e3e&#8221;][vc_empty_space]\n        <div class=\"rs-heading style2   \">\n        \t<div class=\"title-inner\">\n\t            \n\t            <h2 >Dates de session<\/h2>\n\t        <\/div><div class=\"description\"><p >1 session par an : septembre 2026<\/p><\/div><\/div>[\/vc_tta_section][\/vc_tta_tabs][\/vc_column][\/vc_row][vc_row][vc_column width=&#8221;1\/2&#8243;][vc_btn title=&#8221;Acc\u00e9der \u00e0 la fiche France Comp\u00e9tences&#8221; style=&#8221;custom&#8221; custom_background=&#8221;#c41718&#8243; custom_text=&#8221;#ffffff&#8221; align=&#8221;center&#8221; css_animation=&#8221;fadeInDown&#8221; button_block=&#8221;true&#8221; link=&#8221;url:https%3A%2F%2Fwww.francecompetences.fr%2Frecherche%2Frncp%2F38430%2F%20||target:%20_blank|&#8221;][\/vc_column][vc_column width=&#8221;1\/2&#8243;][vc_btn title=&#8221;Acc\u00e9der au r\u00e9f\u00e9rentiel de formation&#8221; style=&#8221;custom&#8221; custom_background=&#8221;#c41718&#8243; custom_text=&#8221;#ffffff&#8221; align=&#8221;center&#8221; css_animation=&#8221;fadeInDown&#8221; button_block=&#8221;true&#8221; link=&#8221;url:https%3A%2F%2Fwww.hotellerie-restauration.ac-versailles.fr%2FIMG%2Fpdf%2Fre_fe_rentiel_cap_cuisine.pdf%20||target:%20_blank|&#8221;][\/vc_column][\/vc_row]<\/p>\n","protected":false},"excerpt":{"rendered":"<p>[vc_row][vc_column][\/vc_column][\/vc_row][vc_row][vc_column width=&#8221;2\/3&#8243;][vc_single_image image=&#8221;684&#8243; img_size=&#8221;full&#8221;][vc_row_inner][vc_column_inner width=&#8221;1\/2&#8243;][vc_btn title=&#8221;T\u00e9l\u00e9chargez la fiche formation&#8221; style=&#8221;custom&#8221; custom_background=&#8221;#c41718&#8243; custom_text=&#8221;#ffffff&#8221; size=&#8221;lg&#8221; align=&#8221;center&#8221; button_block=&#8221;true&#8221; link=&#8221;url:https%3A%2F%2Fwww.ndpo.fr%2Fapp%2Fuploads%2Fsites%2F11%2F2025%2F12%2FCAP-Cuisine-CFC.pdf|title:CAP%20Cuisine|target:%20_blank|&#8221;][\/vc_column_inner][vc_column_inner width=&#8221;1\/2&#8243;][vc_btn title=&#8221;Contactez-nous !&#8221; style=&#8221;custom&#8221; custom_background=&#8221;#c41718&#8243; custom_text=&#8221;#ffffff&#8221; size=&#8221;lg&#8221; align=&#8221;center&#8221; button_block=&#8221;true&#8221; link=&#8221;url:https%3A%2F%2Fwww.ndpo.fr%2Fcfc%2Fcontact%2F||target:%20_blank|&#8221;][\/vc_column_inner][\/vc_row_inner][\/vc_column][vc_column width=&#8221;1\/3&#8243;][\/vc_column][\/vc_row][vc_row][vc_column][vc_tta_tabs][vc_tta_section title=&#8221;Description&#8230;<\/p>\n","protected":false},"author":4,"featured_media":0,"parent":0,"menu_order":0,"comment_status":"closed","ping_status":"closed","template":"","meta":{"footnotes":""},"class_list":["post-945","page","type-page","status-publish","hentry"],"_links":{"self":[{"href":"https:\/\/www.ndpo.fr\/cfc\/wp-json\/wp\/v2\/pages\/945","targetHints":{"allow":["GET"]}}],"collection":[{"href":"https:\/\/www.ndpo.fr\/cfc\/wp-json\/wp\/v2\/pages"}],"about":[{"href":"https:\/\/www.ndpo.fr\/cfc\/wp-json\/wp\/v2\/types\/page"}],"author":[{"embeddable":true,"href":"https:\/\/www.ndpo.fr\/cfc\/wp-json\/wp\/v2\/users\/4"}],"replies":[{"embeddable":true,"href":"https:\/\/www.ndpo.fr\/cfc\/wp-json\/wp\/v2\/comments?post=945"}],"version-history":[{"count":13,"href":"https:\/\/www.ndpo.fr\/cfc\/wp-json\/wp\/v2\/pages\/945\/revisions"}],"predecessor-version":[{"id":1140,"href":"https:\/\/www.ndpo.fr\/cfc\/wp-json\/wp\/v2\/pages\/945\/revisions\/1140"}],"wp:attachment":[{"href":"https:\/\/www.ndpo.fr\/cfc\/wp-json\/wp\/v2\/media?parent=945"}],"curies":[{"name":"wp","href":"https:\/\/api.w.org\/{rel}","templated":true}]}}