{"id":956,"date":"2025-12-09T11:39:27","date_gmt":"2025-12-09T10:39:27","guid":{"rendered":"https:\/\/www.ndpo.fr\/cfc\/?page_id=956"},"modified":"2026-02-03T09:40:37","modified_gmt":"2026-02-03T08:40:37","slug":"cap-patissier-a","status":"publish","type":"page","link":"https:\/\/www.ndpo.fr\/cfc\/cap-patissier-a\/","title":{"rendered":"CAP P\u00c2TISSIER"},"content":{"rendered":"<p>[vc_row][vc_column]\n        <div class=\"rs-heading style2   center\">\n        \t<div class=\"title-inner\">\n\t            \n\t            <h2 >CAP P\u00c2TISSIER<\/h2>\n\t        <\/div><\/div>[\/vc_column][\/vc_row][vc_row][vc_column width=&#8221;2\/3&#8243;][vc_single_image image=&#8221;957&#8243; img_size=&#8221;full&#8221;][vc_row_inner][vc_column_inner width=&#8221;1\/2&#8243;][vc_btn title=&#8221;T\u00e9l\u00e9chargez la fiche formation&#8221; style=&#8221;custom&#8221; custom_background=&#8221;#c41718&#8243; custom_text=&#8221;#ffffff&#8221; size=&#8221;lg&#8221; align=&#8221;center&#8221; button_block=&#8221;true&#8221; link=&#8221;url:https%3A%2F%2Fwww.ndpo.fr%2Fapp%2Fuploads%2Fsites%2F11%2F2025%2F12%2FFiche-CAP-Pat-CFC.pdf|title:CAP%20P%C3%A2tissier|target:%20_blank|&#8221;][\/vc_column_inner][vc_column_inner width=&#8221;1\/2&#8243;][vc_btn title=&#8221;Contactez-nous !&#8221; style=&#8221;custom&#8221; custom_background=&#8221;#c41718&#8243; custom_text=&#8221;#ffffff&#8221; size=&#8221;lg&#8221; align=&#8221;center&#8221; button_block=&#8221;true&#8221; link=&#8221;url:https%3A%2F%2Fwww.ndpo.fr%2Fcfc%2Fcontact%2F||target:%20_blank|&#8221;][\/vc_column_inner][\/vc_row_inner][\/vc_column][vc_column width=&#8221;1\/3&#8243;]\n        <div class=\"rs-heading style1   \">\n        \t<div class=\"title-inner\">\n\t            \n\t            <h2 >Public concern\u00e9<\/h2>\n\t        <\/div><div class=\"description\"><p >Les adultes ayant quitt\u00e9 le syst\u00e8me scolaire,<br \/>\nmais qui souhaitent parfaire leurs connaissances<br \/>\net comp\u00e9tences et\/ou en acqu\u00e9rir de nouvelles.<\/p><\/div><\/div>\n        <div class=\"rs-heading style1   \">\n        \t<div class=\"title-inner\">\n\t            \n\t            <h2 >Pr\u00e9requis<\/h2>\n\t        <\/div><div class=\"description\"><p >\u00catre titulaire d\u2019un CAP minimum et plus<br \/>\nMaitriser la langue fran\u00e7aise orale et \u00e9crite<\/p><\/div><\/div>\n        <div class=\"rs-heading style1   \">\n        \t<div class=\"title-inner\">\n\t            \n\t            <h2 >MOYENS D\u2019ENCADREMENT<\/h2>\n\t        <\/div><div class=\"description\"><p >L\u2019animation de la formation est assur\u00e9e par des<br \/>\nintervenants sp\u00e9cialis\u00e9s en p\u00e2tisserie et issus du<br \/>\nmonde professionnel.<\/p><\/div><\/div>[\/vc_column][\/vc_row][vc_row][vc_column][vc_tta_tabs][vc_tta_section title=&#8221;Description de la formation&#8221; tab_id=&#8221;1613985700420-b272efd7-2ae7baa6-2e3e&#8221;][vc_empty_space]\n        <div class=\"rs-heading style2   \">\n        \t<div class=\"title-inner\">\n\t            \n\t            <h2 >DESCRIPTION DE LA FORMATION<\/h2>\n\t        <\/div><div class=\"description\"><p >Notre \u00e9tablissement propose une formation CAP P\u00e2tissier port\u00e9e par une longue exp\u00e9rience dans les m\u00e9tiers de bouche et la formation professionnelle. Nous offrons un cadre d\u2019apprentissage \u00e0 taille humaine, favorisant un accompagnement individualis\u00e9.<\/p>\n<p>&nbsp;<\/p>\n<p>Les stagiaires b\u00e9n\u00e9ficient d\u2019ateliers \u00e9quip\u00e9s de mat\u00e9riels r\u00e9cents permettant de pratiquer l\u2019ensemble des techniques du r\u00e9f\u00e9rentiel. L\u2019\u00e9quipe p\u00e9dagogique, compos\u00e9e de professionnels issus du terrain, transmet un savoir-faire concret et en phase avec les exigences du m\u00e9tier.<\/p>\n<p>&nbsp;<\/p>\n<p>Gr\u00e2ce \u00e0 un r\u00e9seau solide d\u2019entreprises partenaires, nous facilitons l\u2019acc\u00e8s aux stages et \u00e0 l\u2019insertion professionnelle. Un partenariat avec un fournisseur sp\u00e9cialis\u00e9 permet \u00e9galement de simplifier l\u2019acquisition du mat\u00e9riel et des tenues pour int\u00e9grer la formation dans les meilleures conditions.<\/p>\n<p>&nbsp;<\/p>\n<p><strong><u>Articulation de la formation\u00a0:<\/u><\/strong><\/p>\n<p>&#8211; de 400 \u00e0 420 heures de formation au CFC<\/p>\n<p>&#8211; 14 semaines de stage en entreprise<\/p>\n<p><\/p><\/div><\/div>[\/vc_tta_section][vc_tta_section title=&#8221;Objectifs et programme&#8221; tab_id=&#8221;1613985761837-fea28251-e85fbaa6-2e3e&#8221;]\n        <div class=\"rs-heading style2   \">\n        \t<div class=\"title-inner\">\n\t            \n\t            <h2 >OBJECTIFS ET PROGRAMME<\/h2>\n\t        <\/div><div class=\"description\"><p ><strong>OBJECTIFS :<\/strong><\/p>\n<p>&nbsp;<\/p>\n<p>&#8211; Acqu\u00e9rir les bases professionnelles du m\u00e9tier de p\u00e2tissier : techniques de fabrication, de cuisson et de finition des principaux produits de p\u00e2tisserie.<\/p>\n<p>&#8211; Ma\u00eetriser l\u2019organisation du poste de travail : pr\u00e9paration du mat\u00e9riel, gestion des ingr\u00e9dients, respect des consignes et organisation de la production.<\/p>\n<p>&#8211; Comprendre et appliquer les r\u00e8gles d\u2019hygi\u00e8ne, de s\u00e9curit\u00e9 et de qualit\u00e9, notamment les principes HACCP et les bonnes pratiques en laboratoire.<\/p>\n<p>&#8211; Identifier et utiliser correctement les mati\u00e8res premi\u00e8res en comprenant leurs caract\u00e9ristiques, leurs usages et leurs conditions de conservation.<\/p>\n<p>&#8211; Adopter un comportement professionnel au sein d\u2019une \u00e9quipe<\/p>\n<p>&#8211; D\u00e9couvrir le fonctionnement d\u2019une entreprise de p\u00e2tisserie et les notions essentielles de l\u2019environnement juridique, social et organisationnel du m\u00e9tier.<\/p>\n<p>&#8211; D\u00e9velopper l\u2019autonomie et la capacit\u00e9 d\u2019adaptation dans l\u2019environnement professionnel de la p\u00e2tisserie<\/p>\n<p>&nbsp;<\/p>\n<p><strong>PROGRAMME :<\/strong><\/p>\n<p>&nbsp;<\/p>\n<p><em>Le programme rassemble exclusivement les mati\u00e8res d\u2019enseignement professionnel et pratique, centr\u00e9es sur l\u2019acquisition de comp\u00e9tences concr\u00e8tes et directement mobilisables en situation de travail.<\/em><\/p>\n<p><em>Le niveau requis pour int\u00e9grer cette formation dispense les candidat du passage des \u00e9preuves de mati\u00e8res g\u00e9n\u00e9rales, par cons\u00e9quent, elles n\u2019int\u00e8grent pas le programme de formation.<\/em><\/p>\n<p>&nbsp;<\/p>\n<p><strong>Culture technologique et professionnelle<\/strong><\/p>\n<p>&#8211; Bases des techniques p\u00e2tissi\u00e8res, organisation du laboratoire, utilisation du mat\u00e9riel, r\u00e8gles d\u2019hygi\u00e8ne et de s\u00e9curit\u00e9 propres \u00e0 la p\u00e2tisserie.<\/p>\n<p>&nbsp;<\/p>\n<p><em>\u00a0<\/em><strong>Fabrication : pratique professionnelle<\/strong><\/p>\n<p>&#8211; R\u00e9alisation des pr\u00e9parations p\u00e2tissi\u00e8res : p\u00e2tes, cr\u00e8mes, entremets, biscuits, viennoiseries<br \/>\n&#8211; Montage, cuisson, finition et d\u00e9coration<br \/>\n&#8211; Gestion du poste de travail et respect des fiches techniques.<\/p>\n<p>&nbsp;<\/p>\n<p><strong>Mati\u00e8res premi\u00e8res<\/strong><\/p>\n<p>&#8211; Identification et qualit\u00e9 des ingr\u00e9dients : farines, sucres, mati\u00e8res grasses, \u0153ufs, chocolat, fruits.<\/p>\n<p>&#8211; R\u00f4le des ingr\u00e9dients, conditions de stockage et tra\u00e7abilit\u00e9.<\/p>\n<p>&nbsp;<\/p>\n<p><strong>Sciences de l\u2019alimentation<\/strong><\/p>\n<p>&#8211; Transformations physico-chimiques lors des cuissons et montages.<br \/>\n&#8211; Risques microbiologiques en p\u00e2tisserie, conservation des produits et r\u00e8gles HACCP.<\/p>\n<p><em>\u00a0<\/em><\/p>\n<p><strong>Connaissance de l\u2019entreprise et de son environnement juridique et social<\/strong><\/p>\n<p>&#8211; Organisation d\u2019un laboratoire ou d\u2019une boutique, droits et devoirs du salari\u00e9, s\u00e9curit\u00e9 au travail et responsabilit\u00e9s professionnelles.<\/p>\n<p>&nbsp;<\/p>\n<p><strong>\u00a0<\/strong><strong>Communication<\/strong><\/p>\n<p>&#8211; Communication en \u00e9quipe, transmission des consignes, relation avec la client\u00e8le et attitude professionnelle.<\/p><\/div><\/div>[\/vc_tta_section][vc_tta_section title=&#8221;Dates de session&#8221; tab_id=&#8221;1613985756609-679eba8b-b957baa6-2e3e&#8221;][vc_empty_space]\n        <div class=\"rs-heading style2   \">\n        \t<div class=\"title-inner\">\n\t            \n\t            <h2 >Dates de session<\/h2>\n\t        <\/div><div class=\"description\"><p >1 session par an : septembre 2026<\/p><\/div><\/div>[\/vc_tta_section][\/vc_tta_tabs][\/vc_column][\/vc_row][vc_row][vc_column width=&#8221;1\/2&#8243;][vc_btn title=&#8221;Acc\u00e9der \u00e0 la fiche France Comp\u00e9tences&#8221; style=&#8221;custom&#8221; custom_background=&#8221;#c41718&#8243; custom_text=&#8221;#ffffff&#8221; size=&#8221;lg&#8221; align=&#8221;center&#8221; css_animation=&#8221;fadeInDown&#8221; button_block=&#8221;true&#8221; link=&#8221;url:https%3A%2F%2Fwww.francecompetences.fr%2Frecherche%2Frncp%2F38765%2F%20||target:%20_blank|&#8221;][\/vc_column][vc_column width=&#8221;1\/2&#8243;][vc_btn title=&#8221;Acc\u00e9der au r\u00e9f\u00e9rentiel de formation&#8221; style=&#8221;custom&#8221; custom_background=&#8221;#c41718&#8243; custom_text=&#8221;#ffffff&#8221; size=&#8221;lg&#8221; align=&#8221;center&#8221; css_animation=&#8221;fadeInDown&#8221; button_block=&#8221;true&#8221; link=&#8221;url:https%3A%2F%2Fwww.metiers-alimentation.ac-versailles.fr%2FIMG%2Fpdf%2Freferentiel_modifie__2022_cap_patissier.pdf%20||target:%20_blank|&#8221;][\/vc_column][\/vc_row]<\/p>\n","protected":false},"excerpt":{"rendered":"<p>[vc_row][vc_column][\/vc_column][\/vc_row][vc_row][vc_column width=&#8221;2\/3&#8243;][vc_single_image image=&#8221;957&#8243; img_size=&#8221;full&#8221;][vc_row_inner][vc_column_inner width=&#8221;1\/2&#8243;][vc_btn title=&#8221;T\u00e9l\u00e9chargez la fiche formation&#8221; style=&#8221;custom&#8221; custom_background=&#8221;#c41718&#8243; custom_text=&#8221;#ffffff&#8221; size=&#8221;lg&#8221; align=&#8221;center&#8221; button_block=&#8221;true&#8221; link=&#8221;url:https%3A%2F%2Fwww.ndpo.fr%2Fapp%2Fuploads%2Fsites%2F11%2F2025%2F12%2FFiche-CAP-Pat-CFC.pdf|title:CAP%20P%C3%A2tissier|target:%20_blank|&#8221;][\/vc_column_inner][vc_column_inner width=&#8221;1\/2&#8243;][vc_btn title=&#8221;Contactez-nous !&#8221; style=&#8221;custom&#8221; custom_background=&#8221;#c41718&#8243; custom_text=&#8221;#ffffff&#8221; size=&#8221;lg&#8221; align=&#8221;center&#8221; button_block=&#8221;true&#8221; link=&#8221;url:https%3A%2F%2Fwww.ndpo.fr%2Fcfc%2Fcontact%2F||target:%20_blank|&#8221;][\/vc_column_inner][\/vc_row_inner][\/vc_column][vc_column width=&#8221;1\/3&#8243;][\/vc_column][\/vc_row][vc_row][vc_column][vc_tta_tabs][vc_tta_section title=&#8221;Description&#8230;<\/p>\n","protected":false},"author":4,"featured_media":0,"parent":0,"menu_order":0,"comment_status":"closed","ping_status":"closed","template":"","meta":{"footnotes":""},"class_list":["post-956","page","type-page","status-publish","hentry"],"_links":{"self":[{"href":"https:\/\/www.ndpo.fr\/cfc\/wp-json\/wp\/v2\/pages\/956","targetHints":{"allow":["GET"]}}],"collection":[{"href":"https:\/\/www.ndpo.fr\/cfc\/wp-json\/wp\/v2\/pages"}],"about":[{"href":"https:\/\/www.ndpo.fr\/cfc\/wp-json\/wp\/v2\/types\/page"}],"author":[{"embeddable":true,"href":"https:\/\/www.ndpo.fr\/cfc\/wp-json\/wp\/v2\/users\/4"}],"replies":[{"embeddable":true,"href":"https:\/\/www.ndpo.fr\/cfc\/wp-json\/wp\/v2\/comments?post=956"}],"version-history":[{"count":19,"href":"https:\/\/www.ndpo.fr\/cfc\/wp-json\/wp\/v2\/pages\/956\/revisions"}],"predecessor-version":[{"id":1135,"href":"https:\/\/www.ndpo.fr\/cfc\/wp-json\/wp\/v2\/pages\/956\/revisions\/1135"}],"wp:attachment":[{"href":"https:\/\/www.ndpo.fr\/cfc\/wp-json\/wp\/v2\/media?parent=956"}],"curies":[{"name":"wp","href":"https:\/\/api.w.org\/{rel}","templated":true}]}}