{"id":124,"date":"2020-12-16T09:16:28","date_gmt":"2020-12-16T08:16:28","guid":{"rendered":"https:\/\/ndpo2020.keeo.com\/elementaire\/?page_id=124"},"modified":"2020-12-16T09:21:53","modified_gmt":"2020-12-16T08:21:53","slug":"pastoral","status":"publish","type":"page","link":"https:\/\/www.ndpo.fr\/elementaire\/pastoral\/","title":{"rendered":"Pastoral"},"content":{"rendered":"<p>[vc_row][vc_column]\n        <div class=\"rs-heading style2   center\">\n        \t<div class=\"title-inner\">\n\t            \n\t            <h2 >Projet pastoral<\/h2>\n\t        <\/div><div class=\"description\"><p ><\/p>\n<p style=\"text-align: center;\">En r\u00e9f\u00e9rence au projet Educatif de l\u2019\u00e9tablissement, chacun aura le souci d\u2019articuler p\u00e9dagogie et pastorale dans l\u2019acte d\u2019enseigner et d\u2019\u00e9duquer.<\/p>\n<p style=\"text-align: center;\"><span style=\"color: #f8b634;\"><strong>\u201cAimez-vous les uns les autres comme je vous ai aim\u00e9s.\u201d Jean 13, 34-35<\/strong><\/span><\/p>\n<p style=\"text-align: center;\"><span style=\"color: #f8b634;\"><strong>&#8221; Cr\u00e9er un climat \u00e9vang\u00e9lique de libert\u00e9 et de charit\u00e9. &#8221;\u00a0\u00a0 Vatican II<\/strong><\/span><\/p>\n<p style=\"text-align: center;\">par le seul fait que les valeurs \u00e9vang\u00e9liques ne sont pas seulement enseign\u00e9es, mais \u00e9galement v\u00e9cues dans l\u2019ensemble de la communaut\u00e9 \u00e9ducative.<\/p>\n<p style=\"text-align: center;\">La pastorale est mise en \u0153uvre\u00a0 \u00e0 l\u2019\u00e9cole Notre Dame de la Providence par une \u00e9quipe accompagn\u00e9e d\u2019un pr\u00eatre de la paroisse Sainte Marie en P\u00e9v\u00e8le Scarpe.<\/p>\n<p style=\"text-align: center;\">Cette \u00e9quipe est plac\u00e9e sous la responsabilit\u00e9 du chef d\u2019\u00e9tablissement.<\/p>\n<p>&nbsp;<\/p>\n<p style=\"text-align: center;\">En concertation avec les services et les propositions pastorales du dioc\u00e8se de Cambrai, l\u2019\u00e9quipe d\u00e9veloppe les activit\u00e9s pastorales en r\u00e9f\u00e9rence aux trois p\u00f4les de la mission de l\u2019Eglise :<\/p>\n<p style=\"text-align: center;\"><span style=\"color: #f8b634;\"><strong>ANNONCER, CELEBRER, SERVIR<\/strong>.<\/span><\/p>\n<p><\/p><\/div><\/div>[\/vc_column][\/vc_row][vc_row][vc_column width=&#8221;1\/3&#8243;]\n        <div class=\"rs-heading style2   center\">\n        \t<div class=\"title-inner\">\n\t            \n\t            <h2 >Annoncer l'\u00c9vangile du Christ<\/h2>\n\t        <\/div><div class=\"description\"><p >L\u2019\u00e9veil \u00e0 la foi est une\u00a0 dimension permanente de l\u2019\u00e9ducation chr\u00e9tienne.<\/p>\n<p>Les enseignants r\u00e9servent des p\u00e9riodes privil\u00e9gi\u00e9es aux connaissances religieuses pour vivre ensemble le message de l\u2019Evangile.<\/p><\/div><\/div>[\/vc_column][vc_column width=&#8221;1\/3&#8243;]\n        <div class=\"rs-heading style2   center\">\n        \t<div class=\"title-inner\">\n\t            \n\t            <h2 >C\u00e9l\u00e9brer l'\u00c9vangile du Christ<\/h2>\n\t        <\/div><div class=\"description\"><p >C\u00e9l\u00e9brer les temps forts de l\u2019ann\u00e9e (\u00e0 l\u2019occasion de la rentr\u00e9e, de No\u00ebl, de P\u00e2ques) en y associant les parents ,\u00a0 l\u2019ensemble de la communaut\u00e9 \u00e9ducative .<\/p>\n<p>L\u2019\u00e9cole organise des c\u00e9l\u00e9brations adapt\u00e9es aux enfants avec le pr\u00eatre.<\/p><\/div><\/div>[\/vc_column][vc_column width=&#8221;1\/3&#8243;]\n        <div class=\"rs-heading style2   center\">\n        \t<div class=\"title-inner\">\n\t            \n\t            <h2 >Servir<br \/>\net t\u00e9moigner<\/h2>\n\t        <\/div><div class=\"description\"><p >Par l\u2019\u00e9ducation au sens de l\u2019universel, au partage (action de No\u00ebl,\u00a0 de \u00a0Car\u00eame), et par des actions\u00a0 de solidarit\u00e9 \u00a0en lien avec diverses associations caritatives afin de favoriser l\u2019\u00e9mergence d\u2019une communaut\u00e9 chr\u00e9tienne vivante au sein de l\u2019\u00e9tablissement.<\/p><\/div><\/div>[\/vc_column][\/vc_row]<\/p>\n","protected":false},"excerpt":{"rendered":"<p>[vc_row][vc_column][\/vc_column][\/vc_row][vc_row][vc_column width=&#8221;1\/3&#8243;][\/vc_column][vc_column width=&#8221;1\/3&#8243;][\/vc_column][vc_column width=&#8221;1\/3&#8243;][\/vc_column]&#8230;<\/p>\n","protected":false},"author":2,"featured_media":0,"parent":0,"menu_order":0,"comment_status":"closed","ping_status":"closed","template":"","meta":{"footnotes":""},"class_list":["post-124","page","type-page","status-publish","hentry"],"_links":{"self":[{"href":"https:\/\/www.ndpo.fr\/elementaire\/wp-json\/wp\/v2\/pages\/124","targetHints":{"allow":["GET"]}}],"collection":[{"href":"https:\/\/www.ndpo.fr\/elementaire\/wp-json\/wp\/v2\/pages"}],"about":[{"href":"https:\/\/www.ndpo.fr\/elementaire\/wp-json\/wp\/v2\/types\/page"}],"author":[{"embeddable":true,"href":"https:\/\/www.ndpo.fr\/elementaire\/wp-json\/wp\/v2\/users\/2"}],"replies":[{"embeddable":true,"href":"https:\/\/www.ndpo.fr\/elementaire\/wp-json\/wp\/v2\/comments?post=124"}],"version-history":[{"count":3,"href":"https:\/\/www.ndpo.fr\/elementaire\/wp-json\/wp\/v2\/pages\/124\/revisions"}],"predecessor-version":[{"id":127,"href":"https:\/\/www.ndpo.fr\/elementaire\/wp-json\/wp\/v2\/pages\/124\/revisions\/127"}],"wp:attachment":[{"href":"https:\/\/www.ndpo.fr\/elementaire\/wp-json\/wp\/v2\/media?parent=124"}],"curies":[{"name":"wp","href":"https:\/\/api.w.org\/{rel}","templated":true}]}}