{"id":261,"date":"2020-06-24T08:44:11","date_gmt":"2020-06-24T08:44:11","guid":{"rendered":"https:\/\/ndpo2020.keeo.com\/?page_id=261"},"modified":"2024-09-23T08:04:32","modified_gmt":"2024-09-23T08:04:32","slug":"pastorale","status":"publish","type":"page","link":"https:\/\/www.ndpo.fr\/lycee-general\/pastorale\/","title":{"rendered":"PASTORALE"},"content":{"rendered":"<p>[vc_row css=&#8221;.vc_custom_1599582575781{margin-top: -80px !important;}&#8221;][vc_column width=&#8221;1\/2&#8243;][vc_single_image image=&#8221;1257&#8243; img_size=&#8221;full&#8221;][\/vc_column][vc_column width=&#8221;1\/2&#8243;][vc_empty_space height=&#8221;50&#8243;]\n        <div class=\"rs-heading style2   \">\n        \t<div class=\"title-inner\">\n\t            \n\t            <h2 >Bienvenue en Pastorale !<\/h2>\n\t        <\/div><div class=\"description\"><p >Tout au long de l&#8217;ann\u00e9e, une multitude d&#8217;actions, de rencontres et de partage est propos\u00e9e aux jeunes et aux adultes de l&#8217;Institution. <\/p>\n<p>Les temps forts sont accompagn\u00e9s par l&#8217;abb\u00e9 Emanuel Canart, pr\u00eatre de l&#8217;Orch\u00e9sie et de l&#8217;animateur en pastorale, Monsieur Eddy LABENDA. <\/p>\n<p>Notre \u00e9tablissement scolaire fait partie du dioc\u00e8se de Cambrai. Si vous souhaitez que l\u2019\u00c9glise puisse continuer \u00e0 \u0153uvrer au service de tous au sein de notre dioc\u00e8se, elle a besoin de l&#8217;engagement de chacun ! D\u00e9couvrez ici toutes les fa\u00e7ons de soutenir notre dioc\u00e8se de Cambrai. Un immense merci pour votre g\u00e9n\u00e9rosit\u00e9 !<\/p><\/div><\/div>[vc_empty_space height=&#8221;50&#8243;][vc_btn title=&#8221;Je fais un don&#8221; style=&#8221;custom&#8221; custom_background=&#8221;#494d80&#8243; custom_text=&#8221;#ffffff&#8221; i_icon_fontawesome=&#8221;far fa-hand-point-up&#8221; add_icon=&#8221;true&#8221; link=&#8221;url:https%3A%2F%2Fwww.donner.cathocambrai.com%2F||target:%20_blank|&#8221;][\/vc_column][\/vc_row][vc_row][vc_column][vc_empty_space height=&#8221;50&#8243;][\/vc_column][\/vc_row][vc_row][vc_column width=&#8221;1\/2&#8243;][vc_empty_space height=&#8221;50&#8243;]\n        <div class=\"rs-heading style2   \">\n        \t<div class=\"title-inner\">\n\t            \n\t            <h2 >La bo\u00eete Pasto !<\/h2>\n\t        <\/div><div class=\"description\"><p >Cette bo\u00eete est disponible \u00e0 l&#8217;accueil de la vie scolaire. Sur papier libre, les jeunes peuvent y d\u00e9poser, une question, une demande de rencontre, sans oublier de noter leurs nom, pr\u00e9nom et classe. Nous y r\u00e9pondrons d\u00e8s que possible et en toute discr\u00e9tion.<\/p><\/div><\/div>[\/vc_column][vc_column width=&#8221;1\/2&#8243;][vc_single_image image=&#8221;688&#8243; img_size=&#8221;full&#8221;][\/vc_column][\/vc_row][vc_row][vc_column][vc_empty_space height=&#8221;50&#8243;][\/vc_column][\/vc_row][vc_row][vc_column]\n        <div class=\"rs-heading style2   center\">\n        \t<div class=\"title-inner\">\n\t            \n\t            <h2 >Les temps forts ...<\/h2>\n\t        <\/div><\/div>[\/vc_column][\/vc_row][vc_row][vc_column width=&#8221;1\/3&#8243;]<div class=\"rs-services\"><div class=\"service-inner services-style-2 center  vc_custom_1681889311183 \">\n\t\t\t\t\t<div class=\"services-wrap\"> \n\t\t\t\t        <div class=\"services-item\">\n\t\t\t\t            <div class=\"services-icon\"><img decoding=\"async\" src=\"https:\/\/www.ndpo.fr\/app\/uploads\/sites\/1\/2023\/04\/maraude-lyc.jpg\" alt=\"Rs-service\" \/><\/div>\n\t\t\t\t\t\t\t<div class=\"services-desc\">\t\n\t\t\t\t\t\t\t\t<h4 class=\"services-title\"><a >Les maraudes<\/a><\/h4>\t\t\n\t\t\t\t\t\t\t\tEntre novembre et mars, les internes en priorit\u00e9, sont sollicit\u00e9s pour apporter des boissons chaudes, du pain r\u00e9alis\u00e9 par nos \u00e9l\u00e8ves en option boulangerie et des v\u00eatements chauds collect\u00e9s dans les classes.<br \/>\nLa distribution se fait \u00e0 Lille. \n\t\t\t\t\t\t\t<\/div>\t\t\n\t\t\t\t\t\t<\/div>\t\n\t\t\t\t\t<\/div>\n\t\t\t\t<\/div>\n\t\t\t<\/div>[\/vc_column][vc_column width=&#8221;1\/3&#8243;]<div class=\"rs-services\"><div class=\"service-inner services-style-2 center  vc_custom_1681888582819 \">\n\t\t\t\t\t<div class=\"services-wrap\"> \n\t\t\t\t        <div class=\"services-item\">\n\t\t\t\t            <div class=\"services-icon\"><img decoding=\"async\" src=\"https:\/\/www.ndpo.fr\/app\/uploads\/sites\/1\/2023\/04\/aaa-1024x842.jpg\" alt=\"Rs-service\" \/><\/div>\n\t\t\t\t\t\t\t<div class=\"services-desc\">\t\n\t\t\t\t\t\t\t\t<h4 class=\"services-title\"><a >Les C\u00e9l\u00e9brations<\/a><\/h4>\t\t\n\t\t\t\t\t\t\t\tLes lyc\u00e9ens sont invit\u00e9s \u00e0 vivre les messes de Rentr\u00e9e, No\u00ebl, P\u00e2ques \u00e0 l\u2019\u00e9glise d\u2019Orchies, c\u00e9l\u00e9br\u00e9e par le pr\u00eatre de la paroisse. \n\t\t\t\t\t\t\t<\/div>\t\t\n\t\t\t\t\t\t<\/div>\t\n\t\t\t\t\t<\/div>\n\t\t\t\t<\/div>\n\t\t\t<\/div>[\/vc_column][vc_column width=&#8221;1\/3&#8243;]<div class=\"rs-services\"><div class=\"service-inner services-style-2 center  vc_custom_1599582440141 \">\n\t\t\t\t\t<div class=\"services-wrap\"> \n\t\t\t\t        <div class=\"services-item\">\n\t\t\t\t            <div class=\"services-icon\"><img decoding=\"async\" src=\"https:\/\/www.ndpo.fr\/app\/uploads\/sites\/1\/2020\/09\/Confirm\u00e9s-2018.jpg\" alt=\"Rs-service\" \/><\/div>\n\t\t\t\t\t\t\t<div class=\"services-desc\">\t\n\t\t\t\t\t\t\t\t<h4 class=\"services-title\"><a >Sacrement<\/a><\/h4>\t\t\n\t\t\t\t\t\t\t\tLes sacrements : bapt\u00eame, premi\u00e8re communion et plus particuli\u00e8rement la <strong>confirmation,\u00a0<\/strong>sont propos\u00e9s aux lyc\u00e9ens qui le demandent.<br \/>\nLa pr\u00e9paration a lieu dans l&#8217;\u00e9tablissement. Le sacrement est v\u00e9cu en paroisse. \n\t\t\t\t\t\t\t<\/div>\t\t\n\t\t\t\t\t\t<\/div>\t\n\t\t\t\t\t<\/div>\n\t\t\t\t<\/div>\n\t\t\t<\/div>[\/vc_column][\/vc_row][vc_row][vc_column width=&#8221;1\/3&#8243;]<div class=\"rs-services\"><div class=\"service-inner services-style-2 center  vc_custom_1599582463660 \">\n\t\t\t\t\t<div class=\"services-wrap\"> \n\t\t\t\t        <div class=\"services-item\">\n\t\t\t\t            <div class=\"services-icon\"><img decoding=\"async\" src=\"https:\/\/www.ndpo.fr\/app\/uploads\/sites\/1\/2020\/09\/Lourdes.jpg\" alt=\"Rs-service\" \/><\/div>\n\t\t\t\t\t\t\t<div class=\"services-desc\">\t\n\t\t\t\t\t\t\t\t<h4 class=\"services-title\"><a >Proposition dioc\u00e9saines<\/a><\/h4>\t\t\n\t\t\t\t\t\t\t\tEn lien avec le dioc\u00e8se de Cambrai, les responsables de jeunes catho-cambrai viennent proposer aux lyc\u00e9ens les actions \u00e0 vivre tout au long de l&#8217;ann\u00e9e (Lourdes, Taiz\u00e9, &#8230;) \n\t\t\t\t\t\t\t<\/div>\t\t\n\t\t\t\t\t\t<\/div>\t\n\t\t\t\t\t<\/div>\n\t\t\t\t<\/div>\n\t\t\t<\/div>[\/vc_column][vc_column width=&#8221;1\/3&#8243;]<div class=\"rs-services\"><div class=\"service-inner services-style-2 center  vc_custom_1620026562536 \">\n\t\t\t\t\t<div class=\"services-wrap\"> \n\t\t\t\t        <div class=\"services-item\">\n\t\t\t\t            <div class=\"services-icon\"><img decoding=\"async\" src=\"https:\/\/www.ndpo.fr\/app\/uploads\/sites\/1\/2021\/05\/thumbnail_IMG_0064-1024x768.jpg\" alt=\"Rs-service\" \/><\/div>\n\t\t\t\t\t\t\t<div class=\"services-desc\">\t\n\t\t\t\t\t\t\t\t<h4 class=\"services-title\"><a >Rencontre avec les internes<\/a><\/h4>\t\t\n\t\t\t\t\t\t\t\tChaque mardi et jeudi, de 17h30 \u00e0 18h45, les internes qui le souhaitent, viennent \u00e0 l&#8217;oratoire du lyc\u00e9e pour discuter, prier, \u00e9changer, &#8230; \n\t\t\t\t\t\t\t<\/div>\t\t\n\t\t\t\t\t\t<\/div>\t\n\t\t\t\t\t<\/div>\n\t\t\t\t<\/div>\n\t\t\t<\/div>[\/vc_column][vc_column width=&#8221;1\/3&#8243;]<div class=\"rs-services\"><div class=\"service-inner services-style-2 center  vc_custom_1620026819134 \">\n\t\t\t\t\t<div class=\"services-wrap\"> \n\t\t\t\t        <div class=\"services-item\">\n\t\t\t\t            <div class=\"services-icon\"><img decoding=\"async\" src=\"https:\/\/www.ndpo.fr\/app\/uploads\/sites\/1\/2021\/05\/ndpo-actions-carritatives-1024x576.jpg\" alt=\"Rs-service\" \/><\/div>\n\t\t\t\t\t\t\t<div class=\"services-desc\">\t\n\t\t\t\t\t\t\t\t<h4 class=\"services-title\"><a >Actions caritatives<\/a><\/h4>\t\t\n\t\t\t\t\t\t\t\tTout au long de l&#8217;ann\u00e9e, les jeunes sont sollicit\u00e9s pour diff\u00e9rentes actions caritatives, telles que : La banque alimentaire, Le Secours Catholique et Les Restos du Coeur d&#8217;Orchies. \n\t\t\t\t\t\t\t<\/div>\t\t\n\t\t\t\t\t\t<\/div>\t\n\t\t\t\t\t<\/div>\n\t\t\t\t<\/div>\n\t\t\t<\/div>[\/vc_column][\/vc_row]<\/p>\n","protected":false},"excerpt":{"rendered":"<p>[vc_row css=&#8221;.vc_custom_1599582575781{margin-top: -80px !important;}&#8221;][vc_column width=&#8221;1\/2&#8243;][vc_single_image image=&#8221;1257&#8243; img_size=&#8221;full&#8221;][\/vc_column][vc_column width=&#8221;1\/2&#8243;][vc_empty_space height=&#8221;50&#8243;][vc_empty_space height=&#8221;50&#8243;][vc_btn title=&#8221;Je fais un don&#8221; style=&#8221;custom&#8221; custom_background=&#8221;#494d80&#8243; custom_text=&#8221;#ffffff&#8221; i_icon_fontawesome=&#8221;far fa-hand-point-up&#8221; add_icon=&#8221;true&#8221; link=&#8221;url:https%3A%2F%2Fwww.donner.cathocambrai.com%2F||target:%20_blank|&#8221;][\/vc_column][\/vc_row][vc_row][vc_column][vc_empty_space height=&#8221;50&#8243;][\/vc_column][\/vc_row][vc_row][vc_column width=&#8221;1\/2&#8243;][vc_empty_space height=&#8221;50&#8243;][\/vc_column][vc_column width=&#8221;1\/2&#8243;][vc_single_image image=&#8221;688&#8243; img_size=&#8221;full&#8221;][\/vc_column][\/vc_row][vc_row][vc_column][vc_empty_space height=&#8221;50&#8243;][\/vc_column][\/vc_row][vc_row][vc_column][\/vc_column][\/vc_row][vc_row][vc_column&#8230;<\/p>\n","protected":false},"author":2,"featured_media":0,"parent":0,"menu_order":0,"comment_status":"closed","ping_status":"closed","template":"","meta":{"footnotes":""},"class_list":["post-261","page","type-page","status-publish","hentry"],"_links":{"self":[{"href":"https:\/\/www.ndpo.fr\/lycee-general\/wp-json\/wp\/v2\/pages\/261","targetHints":{"allow":["GET"]}}],"collection":[{"href":"https:\/\/www.ndpo.fr\/lycee-general\/wp-json\/wp\/v2\/pages"}],"about":[{"href":"https:\/\/www.ndpo.fr\/lycee-general\/wp-json\/wp\/v2\/types\/page"}],"author":[{"embeddable":true,"href":"https:\/\/www.ndpo.fr\/lycee-general\/wp-json\/wp\/v2\/users\/2"}],"replies":[{"embeddable":true,"href":"https:\/\/www.ndpo.fr\/lycee-general\/wp-json\/wp\/v2\/comments?post=261"}],"version-history":[{"count":12,"href":"https:\/\/www.ndpo.fr\/lycee-general\/wp-json\/wp\/v2\/pages\/261\/revisions"}],"predecessor-version":[{"id":1532,"href":"https:\/\/www.ndpo.fr\/lycee-general\/wp-json\/wp\/v2\/pages\/261\/revisions\/1532"}],"wp:attachment":[{"href":"https:\/\/www.ndpo.fr\/lycee-general\/wp-json\/wp\/v2\/media?parent=261"}],"curies":[{"name":"wp","href":"https:\/\/api.w.org\/{rel}","templated":true}]}}