{"id":125,"date":"2020-08-27T14:33:27","date_gmt":"2020-08-27T12:33:27","guid":{"rendered":"https:\/\/ndpo2020.keeo.com\/ufa\/?page_id=125"},"modified":"2026-04-07T09:32:32","modified_gmt":"2026-04-07T07:32:32","slug":"bts-management-en-hotellerie-restauration-option-a","status":"publish","type":"page","link":"https:\/\/www.ndpo.fr\/ufa\/bts-management-en-hotellerie-restauration-option-a\/","title":{"rendered":"BTS Management en H\u00f4tellerie Restauration option A"},"content":{"rendered":"<p>[vc_row][vc_column]\n        <div class=\"rs-heading style2  vc_custom_1769594768268  center\">\n        \t<div class=\"title-inner\">\n\t            \n\t            <h2 >BTS Management en H\u00f4tellerie Restauration<br \/>\noption A<\/h2>\n\t        <\/div><\/div>[\/vc_column][\/vc_row][vc_row][vc_column width=&#8221;2\/3&#8243;][vc_single_image image=&#8221;1436&#8243; img_size=&#8221;full&#8221;]\n        <div class=\"rs-heading style5  text-justify \">\n        \t<div class=\"title-inner\">\n\t            \n\t            \n\t        <\/div><div class=\"description\"><p >Le <strong><span style=\"color: #3d578c;\">BTS Management en H\u00f4tellerie-Restauration, option Management d\u2019une Unit\u00e9 de Restauration<\/span> <\/strong>, forme des professionnels capables de g\u00e9rer et d\u2019organiser le fonctionnement complet d\u2019un \u00e9tablissement de restauration. La formation couvre la gestion op\u00e9rationnelle, le management d\u2019\u00e9quipe, le contr\u00f4le des co\u00fbts, la relation client et l\u2019optimisation de la qualit\u00e9 de service.<\/p>\n<p>Elle s\u2019adresse aux titulaires d\u2019un dipl\u00f4me en h\u00f4tellerie-restauration ou \u00e0 des personnes ayant suivi une mise \u00e0 niveau, souhaitant d\u00e9velopper leurs comp\u00e9tences professionnelles et pr\u00e9parer une carri\u00e8re dans la gestion et l\u2019encadrement en restauration.<\/p><\/div><\/div>[vc_row_inner][vc_column_inner width=&#8221;1\/2&#8243;][vc_btn title=&#8221;S&#8217;INSCRIRE&#8221; style=&#8221;custom&#8221; custom_background=&#8221;#3e5889&#8243; custom_text=&#8221;#ffffff&#8221; size=&#8221;lg&#8221; align=&#8221;center&#8221; css_animation=&#8221;fadeInDown&#8221; button_block=&#8221;true&#8221; link=&#8221;url:https%3A%2F%2Fcfajeanbosco-hdf.ymag.cloud%2Findex.php%2Fpreinscription%2Framsese%2F0597122W||target:%20_blank|&#8221;][\/vc_column_inner][vc_column_inner width=&#8221;1\/2&#8243;][vc_btn title=&#8221;FICHE FORMATION&#8221; style=&#8221;custom&#8221; custom_background=&#8221;#3e5889&#8243; custom_text=&#8221;#ffffff&#8221; size=&#8221;lg&#8221; align=&#8221;center&#8221; css_animation=&#8221;fadeInDown&#8221; button_block=&#8221;true&#8221; link=&#8221;url:https%3A%2F%2Fwww.ndpo.fr%2Fapp%2Fuploads%2Fsites%2F4%2F2026%2F03%2FBTS-A-2026.pdf||target:%20_blank|&#8221;][\/vc_column_inner][\/vc_row_inner][vc_row_inner][vc_column_inner][vc_empty_space][\/vc_column_inner][\/vc_row_inner]\n        <div class=\"rs-heading style1   \">\n        \t<div class=\"title-inner\">\n\t            \n\t            <h2 >Contenu de la formation<\/h2>\n\t        <\/div><div class=\"description\"><p >Bloc 1 : Conception et production de services en h\u00f4tellerie restauration (appliqu\u00e9e \u00e0 l\u2019option)<span class=\"Apple-converted-space\">\u00a0<\/span><br \/>\nBloc 2 : Mercatique des services en h\u00f4tellerie restauration<span class=\"Apple-converted-space\">\u00a0<\/span><br \/>\nBloc 3 : Management de la production de services en h\u00f4tellerie restauration<span class=\"Apple-converted-space\">\u00a0<\/span><br \/>\nBloc 4 : Pilotage de la production de services en h\u00f4tellerie restauration<span class=\"Apple-converted-space\">\u00a0<\/span><br \/>\nBloc 5 : Projet d\u2019entrepreneuriat en h\u00f4tellerie restauration<span class=\"Apple-converted-space\">\u00a0<\/span><\/p><\/div><\/div>\n        <div class=\"rs-heading style1   \">\n        \t<div class=\"title-inner\">\n\t            \n\t            <h2 >Modalit\u00e9s, m\u00e9thodes et outils p\u00e9dagogique<\/h2>\n\t        <\/div><div class=\"description\"><p >\u2022 Formation en pr\u00e9sentiel<br \/>\n\u2022 Alternance th\u00e9orique et pratique<br \/>\n\u2022 Accompagnement et suivi individuel<br \/>\n\u2022 Intervention de professionnels<\/p><\/div><\/div>\n        <div class=\"rs-heading style1   \">\n        \t<div class=\"title-inner\">\n\t            \n\t            <h2 >Modalit\u00e9s d'\u00e9valuation<\/h2>\n\t        <\/div><div class=\"description\"><p >\u2022 \u00c9valuation tout au long de la formation<br \/>\n\u2022 Examen ponctuel en fin de formation<\/p><\/div><\/div>\n        <div class=\"rs-heading style1   \">\n        \t<div class=\"title-inner\">\n\t            \n\t            <h2 >Objectifs<\/h2>\n\t        <\/div><div class=\"description\"><p >\u2022\u00a0Organiser, piloter, animer, concevoir un syst\u00e8me de production et de distribution de biens et services<span class=\"Apple-converted-space\">\u00a0<\/span><\/p>\n<p>\u2022\u00a0\u00c9laborer, analyser et exploiter les donn\u00e9es du syst\u00e8me d\u2019information<span class=\"Apple-converted-space\">\u00a0<\/span><\/p>\n<p>\u2022\u00a0Concevoir, r\u00e9aliser et contr\u00f4ler la communication externe et la commercialisation<span class=\"Apple-converted-space\">\u00a0<\/span><\/p>\n<p>\u2022\u00a0Encadrer une \u00e9quipe<span class=\"Apple-converted-space\">\u00a0<\/span><\/p><\/div><\/div>[\/vc_column][vc_column width=&#8221;1\/3&#8243;]\n        <div class=\"rs-heading style1   \">\n        \t<div class=\"title-inner\">\n\t            \n\t            <h2 >Public concern\u00e9<\/h2>\n\t        <\/div><div class=\"description\"><p >Jeunes entre 15 et 29 ans<\/p><\/div><\/div>\n        <div class=\"rs-heading style1   \">\n        \t<div class=\"title-inner\">\n\t            \n\t            <h2 >Pr\u00e9requis<\/h2>\n\t        <\/div><div class=\"description\"><p >Titulaire d\u2019un baccalaur\u00e9at h\u00f4telier ou apr\u00e8s une Mise \u00e0 Niveau<br \/>\nDur\u00e9e : 2 ans<\/p><\/div><\/div>\n        <div class=\"rs-heading style1   \">\n        \t<div class=\"title-inner\">\n\t            \n\t            <h2 >Modalit\u00e9s et d\u00e9lais d'acc\u00e8s<\/h2>\n\t        <\/div><div class=\"description\"><p >\u2022 D\u00e9p\u00f4t du dossier d&#8217;inscription<br \/>\n\u2022 Entretien de motivation<br \/>\n\u2022 Signature du contrat d&#8217;apprentissage<\/p><\/div><\/div>\n        <div class=\"rs-heading style1   \">\n        \t<div class=\"title-inner\">\n\t            \n\t            <h2 >Acc\u00e8s handicap<\/h2>\n\t        <\/div><div class=\"description\"><p ><\/p>\n<p style=\"text-align: left;\">Notre UFA et ses locaux sont accessibles aux<br \/>\napprentis en situation de handicap.<br \/>\nNotre personne ressource handicap est \u00e0 votre \u00e9coute pour am\u00e9nager la formation aux besoins :<br \/>\n<strong>Madame Rachel LIPS<\/strong><br \/>\n<strong>03 20 41 56 84<\/strong><br \/>\n<strong>cpecfa@ndpo.fr<\/strong><\/p><\/div><\/div>\n        <div class=\"rs-heading style1   \">\n        \t<div class=\"title-inner\">\n\t            \n\t            <h2 >Rythme<\/h2>\n\t        <\/div><div class=\"description\"><p >660h de formation <i>(1<\/i><i>\u00e8re <\/i><i>ann\u00e9e) <\/i><\/p>\n<p>640h de formation <i>(2<\/i><i>\u00e8me <\/i><i>ann\u00e9e) <\/i><\/p>\n<p>2 jours par semaine \u00e0 l\u2019UFA<span class=\"Apple-converted-space\">\u00a0<\/span><\/p><\/div><\/div>\n        <div class=\"rs-heading style1   \">\n        \t<div class=\"title-inner\">\n\t            \n\t            <h2 >Co\u00fbt<\/h2>\n\t        <\/div><div class=\"description\"><p >Les \u00e9tudes sont gratuites.<br \/>\nFormation \u00e0 partir de 11223\u20ac\/an<br \/>\nfinanc\u00e9e par les OPCO<\/p><\/div><\/div>\n        <div class=\"rs-heading style1   \">\n        \t<div class=\"title-inner\">\n\t            \n\t            <h2 >Taux de la session 2024 - 2025<\/h2>\n\t        <\/div><div class=\"description\"><p >\u2022 79 % Taux d&#8217;obtention du dipl\u00f4me<br \/>\n\u2022 55 % Taux de poursuite d&#8217;\u00e9tude<br \/>\n\u2022 7 % Taux d&#8217;interruption de la formation<br \/>\n\u2022 73 % Taux d&#8217;insertion professionnel \u00e0 6 mois<br \/>\n\u2022 100 % Dont taux d\u2019insertion dans l\u2019un des m\u00e9tiers vis\u00e9s par la certification<\/p><\/div><\/div>[\/vc_column][\/vc_row][vc_row][vc_column]\n        <div class=\"rs-heading style2   \">\n        \t<div class=\"title-inner\">\n\t            \n\t            <h2 >Poursuites d\u2019\u00e9tude et d\u00e9bouch\u00e9s <\/h2>\n\t        <\/div><div class=\"description\"><p ><\/p>\n<table>\n<tbody>\n<tr>\n<td width=\"247\"><strong><u>Poursuites d\u2019\u00e9tude UFA<\/u><\/strong><\/td>\n<td width=\"225\"><strong><u>Poursuites d\u2019\u00e9tude autres<\/u><\/strong><\/td>\n<td width=\"225\"><strong><u>D\u00e9bouch\u00e9s professionnels<\/u><\/strong><\/td>\n<\/tr>\n<tr>\n<td width=\"247\">&#8211; CS Sommellerie<\/p>\n<p>&#8211; CS M\u00e9tiers du bar<\/td>\n<td width=\"225\">&#8211; Licence professionnelle dans les domaines\u00a0: H\u00f4tellerie-restauration, tourisme, \u00e9v\u00e8nementiel, management, gestion<\/p>\n<p>&#8211; CS Organisateur de r\u00e9ception<\/td>\n<td width=\"225\">&#8211; Assistant manager en restauration<\/p>\n<p>&#8211; Chef de rang<\/p>\n<p>&#8211; Ma\u00eetre d\u2019h\u00f4tel<\/p>\n<p>&#8211; Responsable de salle<\/p>\n<p>&#8211; Assistant d\u2019exploitation<\/p>\n<p>&#8211; Manager en restauration (apr\u00e8s exp\u00e9rience)<\/td>\n<\/tr>\n<\/tbody>\n<\/table>\n<p><\/p><\/div><\/div>[\/vc_column][\/vc_row]<\/p>\n","protected":false},"excerpt":{"rendered":"<p>[vc_row][vc_column][\/vc_column][\/vc_row][vc_row][vc_column width=&#8221;2\/3&#8243;][vc_single_image image=&#8221;1436&#8243; img_size=&#8221;full&#8221;][vc_row_inner][vc_column_inner width=&#8221;1\/2&#8243;][vc_btn title=&#8221;S&#8217;INSCRIRE&#8221; style=&#8221;custom&#8221; custom_background=&#8221;#3e5889&#8243; custom_text=&#8221;#ffffff&#8221; size=&#8221;lg&#8221; align=&#8221;center&#8221; css_animation=&#8221;fadeInDown&#8221; button_block=&#8221;true&#8221; link=&#8221;url:https%3A%2F%2Fcfajeanbosco-hdf.ymag.cloud%2Findex.php%2Fpreinscription%2Framsese%2F0597122W||target:%20_blank|&#8221;][\/vc_column_inner][vc_column_inner width=&#8221;1\/2&#8243;][vc_btn title=&#8221;FICHE FORMATION&#8221; style=&#8221;custom&#8221; custom_background=&#8221;#3e5889&#8243; custom_text=&#8221;#ffffff&#8221; size=&#8221;lg&#8221; align=&#8221;center&#8221; css_animation=&#8221;fadeInDown&#8221; button_block=&#8221;true&#8221; link=&#8221;url:https%3A%2F%2Fwww.ndpo.fr%2Fapp%2Fuploads%2Fsites%2F4%2F2026%2F03%2FBTS-A-2026.pdf||target:%20_blank|&#8221;][\/vc_column_inner][\/vc_row_inner][vc_row_inner][vc_column_inner][vc_empty_space][\/vc_column_inner][\/vc_row_inner][\/vc_column][vc_column width=&#8221;1\/3&#8243;][\/vc_column][\/vc_row][vc_row][vc_column][\/vc_column]&#8230;<\/p>\n","protected":false},"author":2,"featured_media":0,"parent":0,"menu_order":0,"comment_status":"closed","ping_status":"closed","template":"","meta":{"footnotes":""},"class_list":["post-125","page","type-page","status-publish","hentry"],"_links":{"self":[{"href":"https:\/\/www.ndpo.fr\/ufa\/wp-json\/wp\/v2\/pages\/125","targetHints":{"allow":["GET"]}}],"collection":[{"href":"https:\/\/www.ndpo.fr\/ufa\/wp-json\/wp\/v2\/pages"}],"about":[{"href":"https:\/\/www.ndpo.fr\/ufa\/wp-json\/wp\/v2\/types\/page"}],"author":[{"embeddable":true,"href":"https:\/\/www.ndpo.fr\/ufa\/wp-json\/wp\/v2\/users\/2"}],"replies":[{"embeddable":true,"href":"https:\/\/www.ndpo.fr\/ufa\/wp-json\/wp\/v2\/comments?post=125"}],"version-history":[{"count":29,"href":"https:\/\/www.ndpo.fr\/ufa\/wp-json\/wp\/v2\/pages\/125\/revisions"}],"predecessor-version":[{"id":1537,"href":"https:\/\/www.ndpo.fr\/ufa\/wp-json\/wp\/v2\/pages\/125\/revisions\/1537"}],"wp:attachment":[{"href":"https:\/\/www.ndpo.fr\/ufa\/wp-json\/wp\/v2\/media?parent=125"}],"curies":[{"name":"wp","href":"https:\/\/api.w.org\/{rel}","templated":true}]}}